{"id":891,"date":"2018-05-19T15:35:11","date_gmt":"2018-05-19T20:35:11","guid":{"rendered":"https:\/\/idpc.gov.co\/publicaciones\/?post_type=product&#038;p=891"},"modified":"2024-04-30T22:15:18","modified_gmt":"2024-05-01T03:15:18","slug":"pablo-de-la-cruz","status":"publish","type":"product","link":"https:\/\/idpc.gov.co\/publicaciones\/producto\/pablo-de-la-cruz\/","title":{"rendered":"Pablo De La Cruz"},"content":{"rendered":"<div style=\"position: relative; padding-top: max(60%,326px); height: 0; width: 100%;\"><iframe style=\"position: absolute; border: none; width: 100%; height: 100%; left: 0; right: 0; top: 0; bottom: 0;\" src=\"https:\/\/e.issuu.com\/embed.html?d=pablodlcruz&amp;u=patrimoniobogota\" sandbox=\"allow-top-navigation allow-top-navigation-by-user-activation allow-downloads allow-scripts allow-same-origin allow-popups allow-modals allow-popups-to-escape-sandbox\" allowfullscreen=\"allowfullscreen\"><\/iframe><\/div>\n","protected":false},"excerpt":{"rendered":"<p>Pablo de la Cruz fue un arquitecto cuyas obras han aparecido constantemente en cat\u00e1logos o manuales de historia de la arquitectura colombiana. Hab\u00eda indicios de su trabajo, se contaba con noticias fragmentadas de su obra, pero sorprendentemente la aproximaci\u00f3n sistem\u00e1tica a su contribuci\u00f3n a la cultura del pa\u00eds no se hab\u00eda hecho a\u00fan. Felizmente, el grupo de investigaci\u00f3n, dirigido por los profesores de la Universidad Nacional Jorge Ram\u00edrez y Silvia Arango, ha decidido mantener el empe\u00f1o de estudiarlo y presentar aqu\u00ed el resultado.<\/p>\n<p>Este libro acerca de Pablo de la Cruz en realidad no es sobre \u00e9l, o no solo sobre \u00e9l. Es tambi\u00e9n el testimonio de una sociedad empe\u00f1ada en construir obras cada vez m\u00e1s necesarias; es el relato de las instituciones a las que se deleg\u00f3 la tarea; es la historia de pol\u00edticos h\u00e1biles, visionarios o torpes, quienes ten\u00edan influencia definitiva en la construcci\u00f3n de proyectos de ciudad. Es, as\u00ed mismo, la referencia a ingenieros, constructores, dibujantes, artistas, periodistas y colegas que, como \u00e9l, se involucraron en empresas ambiciosas en un periodo en el que la angustia por salir del \u201catraso\u201d se encontr\u00f3 con la prosperidad econ\u00f3mica. Es, en s\u00edntesis, la historia de un momento de la ciudad.<\/p>\n<p>Pablo de la Cruz es el arquitecto del parque Nacional, Villa Adelaida, el Instituto Pedag\u00f3gico Nacional para Se\u00f1oritas, el Palacio de Justicia, la Estaci\u00f3n del Ferrocarril del Sur y de gran parte de las edificaciones del Hospital San Juan de Dios, entre tantas de sus obras llevadas a cabo en la capital. La investigaci\u00f3n sobre Pablo de la Cruz, as\u00ed como sobre tantos arquitectos y firmas de arquitectos, es una incitaci\u00f3n entonces para aprovechar esa diversidad, para encontrar nuevos acercamientos, para plantear nuevos enfoques y proponer la indagaci\u00f3n sobre nuevos actores, que quiz\u00e1 a\u00fan no hemos considerado o valorado lo suficiente. Es tambi\u00e9n un ejercicio de reconocimiento de la ciudad, de sus glorias y sus desventuras, de sus m\u00e1s sonados logros y sus m\u00e1s vergonzosas fatalidades; es una oportunidad para conocer el patrimonio de la ciudad y entender su importancia y, a la vez, su fragilidad.<\/p>\n<p><strong>Autores: <\/strong>Jorge Ram\u00edrez, Silvia Arango, Juan Carlos G\u00f3mez, Leopoldo Prieto, Daniel Mac\u00edas.<br \/>\n<strong>A\u00f1o:<\/strong> 2019<\/p>\n<p><a href=\"https:\/\/libreriasiglo.com\/selloeditorial\/ipc-instituto-distrital-de-patrimonio-cultural.html\"><img decoding=\"async\" class=\"alignleft wp-image-11899 size-full\" src=\"https:\/\/idpc.gov.co\/publicaciones\/wp-content\/uploads\/2020\/12\/comprar.png\" alt=\"Comprar\" width=\"158\" height=\"49\" \/><\/a><\/p>\n","protected":false},"featured_media":1349,"comment_status":"open","ping_status":"closed","template":"","meta":{"_acf_changed":false},"product_brand":[],"product_cat":[91],"product_tag":[],"class_list":{"0":"post-891","1":"product","2":"type-product","3":"status-publish","4":"has-post-thumbnail","6":"product_cat-nombres_propios","8":"first","9":"instock","10":"shipping-taxable","11":"purchasable","12":"product-type-simple"},"acf":[],"_links":{"self":[{"href":"https:\/\/idpc.gov.co\/publicaciones\/wp-json\/wp\/v2\/product\/891","targetHints":{"allow":["GET"]}}],"collection":[{"href":"https:\/\/idpc.gov.co\/publicaciones\/wp-json\/wp\/v2\/product"}],"about":[{"href":"https:\/\/idpc.gov.co\/publicaciones\/wp-json\/wp\/v2\/types\/product"}],"replies":[{"embeddable":true,"href":"https:\/\/idpc.gov.co\/publicaciones\/wp-json\/wp\/v2\/comments?post=891"}],"wp:featuredmedia":[{"embeddable":true,"href":"https:\/\/idpc.gov.co\/publicaciones\/wp-json\/wp\/v2\/media\/1349"}],"wp:attachment":[{"href":"https:\/\/idpc.gov.co\/publicaciones\/wp-json\/wp\/v2\/media?parent=891"}],"wp:term":[{"taxonomy":"product_brand","embeddable":true,"href":"https:\/\/idpc.gov.co\/publicaciones\/wp-json\/wp\/v2\/product_brand?post=891"},{"taxonomy":"product_cat","embeddable":true,"href":"https:\/\/idpc.gov.co\/publicaciones\/wp-json\/wp\/v2\/product_cat?post=891"},{"taxonomy":"product_tag","embeddable":true,"href":"https:\/\/idpc.gov.co\/publicaciones\/wp-json\/wp\/v2\/product_tag?post=891"}],"curies":[{"name":"wp","href":"https:\/\/api.w.org\/{rel}","templated":true}]}}