{"id":640,"date":"2018-03-08T12:25:10","date_gmt":"2018-03-08T17:25:10","guid":{"rendered":"https:\/\/idpc.gov.co\/publicaciones\/?post_type=product&#038;p=640"},"modified":"2024-04-30T22:26:22","modified_gmt":"2024-05-01T03:26:22","slug":"la-paz-y-el-sagrado-corazon-iglesia-del-voto-nacional-2da-edicion","status":"publish","type":"product","link":"https:\/\/idpc.gov.co\/publicaciones\/producto\/la-paz-y-el-sagrado-corazon-iglesia-del-voto-nacional-2da-edicion\/","title":{"rendered":"La Paz y el Sagrado Coraz\u00f3n: Iglesia del Voto Nacional (2da Edici\u00f3n)"},"content":{"rendered":"<p><iframe style=\"border: none; width: 100%; height: 326px;\" src=\"\/\/e.issuu.com\/embed.html?d=voto_nacional_2016_issu&amp;u=patrimoniobogota\" allowfullscreen=\"allowfullscreen\"><\/iframe><\/p>\n","protected":false},"excerpt":{"rendered":"<p>La publicaci\u00f3n explora el proceso constructivo de este templo que comenz\u00f3 a ser edificado en 1881 en la localidad de los M\u00e1rtires por iniciativa privada de devotos al Sagrado Coraz\u00f3n de Jes\u00fas. Su importancia radica en que a ra\u00edz de la cruenta Guerra de los mil d\u00edas en que la Naci\u00f3n estaba sumida en 1902, la iglesia pas\u00f3 a ser de inter\u00e9s del Gobierno, al convertirse en s\u00edmbolo del Voto por la Paz Nacional. En este sentido, este t\u00edtulo da cuenta de la arquitectura, poniendo en evidencia el car\u00e1cter innovador de t\u00e9cnicas constructivas en el edificio, cuya difusi\u00f3n en el pa\u00eds facilit\u00f3 la importaci\u00f3n, en estas d\u00e9cadas, de conocimientos y de materiales de origen acad\u00e9mico europeo y norteamericano. A su vez, a trav\u00e9s de destacadas im\u00e1genes y de un importante trabajo investigativo, integra la puesta en valor de la importante colecci\u00f3n de patrimonio mueble que ostenta hoy en d\u00eda la bas\u00edlica y que permite una lectura del lugar desde su materialidad, inmersa en decisiones de tipo religioso y pol\u00edtico.<\/p>\n<p><strong>Autor:<\/strong> Sandra Reina-Lina Catillo\/ Instituto Distrital de Patrimonio<br \/>\n<strong>A\u00f1o:<\/strong> 2016<\/p>\n<p><a href=\"https:\/\/libreriasiglo.com\/selloeditorial\/ipc-instituto-distrital-de-patrimonio-cultural.html\"><img decoding=\"async\" class=\"alignleft wp-image-11899 size-full\" src=\"https:\/\/idpc.gov.co\/publicaciones\/wp-content\/uploads\/2020\/12\/comprar.png\" alt=\"Comprar\" width=\"158\" height=\"49\" \/><\/a><\/p>\n","protected":false},"featured_media":1343,"comment_status":"open","ping_status":"closed","template":"","meta":{"_acf_changed":false},"product_brand":[],"product_cat":[101],"product_tag":[],"class_list":{"0":"post-640","1":"product","2":"type-product","3":"status-publish","4":"has-post-thumbnail","6":"product_cat-lugares_y_tiempos","8":"first","9":"instock","10":"shipping-taxable","11":"purchasable","12":"product-type-simple"},"acf":[],"_links":{"self":[{"href":"https:\/\/idpc.gov.co\/publicaciones\/wp-json\/wp\/v2\/product\/640","targetHints":{"allow":["GET"]}}],"collection":[{"href":"https:\/\/idpc.gov.co\/publicaciones\/wp-json\/wp\/v2\/product"}],"about":[{"href":"https:\/\/idpc.gov.co\/publicaciones\/wp-json\/wp\/v2\/types\/product"}],"replies":[{"embeddable":true,"href":"https:\/\/idpc.gov.co\/publicaciones\/wp-json\/wp\/v2\/comments?post=640"}],"wp:featuredmedia":[{"embeddable":true,"href":"https:\/\/idpc.gov.co\/publicaciones\/wp-json\/wp\/v2\/media\/1343"}],"wp:attachment":[{"href":"https:\/\/idpc.gov.co\/publicaciones\/wp-json\/wp\/v2\/media?parent=640"}],"wp:term":[{"taxonomy":"product_brand","embeddable":true,"href":"https:\/\/idpc.gov.co\/publicaciones\/wp-json\/wp\/v2\/product_brand?post=640"},{"taxonomy":"product_cat","embeddable":true,"href":"https:\/\/idpc.gov.co\/publicaciones\/wp-json\/wp\/v2\/product_cat?post=640"},{"taxonomy":"product_tag","embeddable":true,"href":"https:\/\/idpc.gov.co\/publicaciones\/wp-json\/wp\/v2\/product_tag?post=640"}],"curies":[{"name":"wp","href":"https:\/\/api.w.org\/{rel}","templated":true}]}}